{"id":13,"date":"2017-04-03T13:34:14","date_gmt":"2017-04-03T11:34:14","guid":{"rendered":"http:\/\/foto-guebert.de\/blog\/?page_id=13"},"modified":"2025-03-09T20:44:34","modified_gmt":"2025-03-09T19:44:34","slug":"ueber-uns","status":"publish","type":"page","link":"https:\/\/foto-guebert.de\/blog\/ueber-uns\/","title":{"rendered":"\u00dcber Uns"},"content":{"rendered":"\t\t<div data-elementor-type=\"wp-page\" data-elementor-id=\"13\" class=\"elementor elementor-13\" data-elementor-settings=\"{&quot;element_pack_global_tooltip_width&quot;:{&quot;unit&quot;:&quot;px&quot;,&quot;size&quot;:&quot;&quot;,&quot;sizes&quot;:[]},&quot;element_pack_global_tooltip_width_tablet&quot;:{&quot;unit&quot;:&quot;px&quot;,&quot;size&quot;:&quot;&quot;,&quot;sizes&quot;:[]},&quot;element_pack_global_tooltip_width_mobile&quot;:{&quot;unit&quot;:&quot;px&quot;,&quot;size&quot;:&quot;&quot;,&quot;sizes&quot;:[]},&quot;element_pack_global_tooltip_padding&quot;:{&quot;unit&quot;:&quot;px&quot;,&quot;top&quot;:&quot;&quot;,&quot;right&quot;:&quot;&quot;,&quot;bottom&quot;:&quot;&quot;,&quot;left&quot;:&quot;&quot;,&quot;isLinked&quot;:true},&quot;element_pack_global_tooltip_padding_tablet&quot;:{&quot;unit&quot;:&quot;px&quot;,&quot;top&quot;:&quot;&quot;,&quot;right&quot;:&quot;&quot;,&quot;bottom&quot;:&quot;&quot;,&quot;left&quot;:&quot;&quot;,&quot;isLinked&quot;:true},&quot;element_pack_global_tooltip_padding_mobile&quot;:{&quot;unit&quot;:&quot;px&quot;,&quot;top&quot;:&quot;&quot;,&quot;right&quot;:&quot;&quot;,&quot;bottom&quot;:&quot;&quot;,&quot;left&quot;:&quot;&quot;,&quot;isLinked&quot;:true},&quot;element_pack_global_tooltip_border_radius&quot;:{&quot;unit&quot;:&quot;px&quot;,&quot;top&quot;:&quot;&quot;,&quot;right&quot;:&quot;&quot;,&quot;bottom&quot;:&quot;&quot;,&quot;left&quot;:&quot;&quot;,&quot;isLinked&quot;:true},&quot;element_pack_global_tooltip_border_radius_tablet&quot;:{&quot;unit&quot;:&quot;px&quot;,&quot;top&quot;:&quot;&quot;,&quot;right&quot;:&quot;&quot;,&quot;bottom&quot;:&quot;&quot;,&quot;left&quot;:&quot;&quot;,&quot;isLinked&quot;:true},&quot;element_pack_global_tooltip_border_radius_mobile&quot;:{&quot;unit&quot;:&quot;px&quot;,&quot;top&quot;:&quot;&quot;,&quot;right&quot;:&quot;&quot;,&quot;bottom&quot;:&quot;&quot;,&quot;left&quot;:&quot;&quot;,&quot;isLinked&quot;:true}}\" data-elementor-post-type=\"page\">\n\t\t\t\t<div class=\"elementor-element elementor-element-57fab3e e-flex e-con-boxed e-con e-parent\" data-id=\"57fab3e\" data-element_type=\"container\">\n\t\t\t\t\t<div class=\"e-con-inner\">\n\t\t\t\t<div class=\"elementor-element elementor-element-bb8613e elementor-widget elementor-widget-heading\" data-id=\"bb8613e\" data-element_type=\"widget\" data-widget_type=\"heading.default\">\n\t\t\t\t<div class=\"elementor-widget-container\">\n\t\t\t\t\t<h2 class=\"elementor-heading-title elementor-size-default\">\u00dcber Uns<\/h2>\t\t\t\t<\/div>\n\t\t\t\t<\/div>\n\t\t\t\t\t<\/div>\n\t\t\t\t<\/div>\n\t\t<div class=\"elementor-element elementor-element-5d286b5 e-con-full e-flex e-con e-parent\" data-id=\"5d286b5\" data-element_type=\"container\">\n\t\t<div class=\"elementor-element elementor-element-04b7499 e-con-full e-flex e-con e-child\" data-id=\"04b7499\" data-element_type=\"container\" data-settings=\"{&quot;background_background&quot;:&quot;classic&quot;}\">\n\t\t\t\t<div class=\"elementor-element elementor-element-3275dbc elementor-widget elementor-widget-image\" data-id=\"3275dbc\" data-element_type=\"widget\" data-widget_type=\"image.default\">\n\t\t\t\t<div class=\"elementor-widget-container\">\n\t\t\t\t\t\t\t\t\t\t\t\t\t\t\t<img fetchpriority=\"high\" decoding=\"async\" width=\"1024\" height=\"576\" src=\"https:\/\/foto-guebert.de\/blog\/wp-content\/uploads\/2025\/03\/R-Guebert-1024x576.jpg\" class=\"attachment-large size-large wp-image-951\" alt=\"\" srcset=\"https:\/\/foto-guebert.de\/blog\/wp-content\/uploads\/2025\/03\/R-Guebert-1024x576.jpg 1024w, https:\/\/foto-guebert.de\/blog\/wp-content\/uploads\/2025\/03\/R-Guebert-300x169.jpg 300w, https:\/\/foto-guebert.de\/blog\/wp-content\/uploads\/2025\/03\/R-Guebert-768x432.jpg 768w, https:\/\/foto-guebert.de\/blog\/wp-content\/uploads\/2025\/03\/R-Guebert.jpg 1200w\" sizes=\"(max-width: 1024px) 100vw, 1024px\" \/>\t\t\t\t\t\t\t\t\t\t\t\t\t\t\t<\/div>\n\t\t\t\t<\/div>\n\t\t\t\t<\/div>\n\t\t<div class=\"elementor-element elementor-element-a302355 e-flex e-con-boxed e-con e-child\" data-id=\"a302355\" data-element_type=\"container\">\n\t\t\t\t\t<div class=\"e-con-inner\">\n\t\t\t\t<div class=\"elementor-element elementor-element-170a08dd elementor-widget elementor-widget-text-editor\" data-id=\"170a08dd\" data-element_type=\"widget\" data-widget_type=\"text-editor.default\">\n\t\t\t\t<div class=\"elementor-widget-container\">\n\t\t\t\t\t\t\t\t\t<p>Lassen Sie Uns mit dem Gesp\u00fcr f\u00fcr das richtige Licht und den Augenblick ein St\u00fcck Erinnerungen einfangen und festhalten! Leidenschaftlich gerne und mit viel Sensibilit\u00e4t fotografieren wir Menschen von Jung bis Alt. Egal ob Schwangerschaft, Taufe, Verlobung oder am sch\u00f6nsten Tag ihres Lebens. Wir nehmen uns Zeit f\u00fcr Sie. \u00a0 F\u00fcr weitere Fragen und Terminabsprachen stehen wir Ihnen gerne zur Verf\u00fcgung.<\/p><p><strong>Unsere \u00d6ffnungszeiten in R\u00fcsselsheim:<\/strong><\/p><p>Montags &#8211; Freitags : <strong>9Uhr &#8211; 18Uhr<\/strong><\/p><p>Samstags: <strong>9.00Uhr &#8211; 13Uhr<\/strong><\/p><p>Kontakt E-Mail: <strong>fotoguebert.ruesselsheim@gmail.com<\/strong><\/p>\t\t\t\t\t\t\t\t<\/div>\n\t\t\t\t<\/div>\n\t\t\t\t\t<\/div>\n\t\t\t\t<\/div>\n\t\t\t\t<\/div>\n\t\t\t\t<\/div>\n\t\t","protected":false},"excerpt":{"rendered":"<p>\u00dcber Uns Lassen Sie Uns mit dem Gesp\u00fcr f\u00fcr das richtige Licht und den Augenblick ein St\u00fcck Erinnerungen einfangen und festhalten! Leidenschaftlich gerne und mit viel Sensibilit\u00e4t fotografieren wir Menschen von Jung bis Alt. Egal ob Schwangerschaft, Taufe, Verlobung oder am sch\u00f6nsten Tag ihres Lebens. Wir nehmen uns Zeit f\u00fcr Sie. \u00a0 F\u00fcr weitere Fragen [&hellip;]<\/p>\n","protected":false},"author":1,"featured_media":0,"parent":0,"menu_order":0,"comment_status":"closed","ping_status":"closed","template":"elementor_header_footer","meta":{"footnotes":""},"class_list":["post-13","page","type-page","status-publish","hentry"],"blocksy_meta":[],"yoast_head":"<!-- This site is optimized with the Yoast SEO plugin v27.0 - https:\/\/yoast.com\/product\/yoast-seo-wordpress\/ -->\n<title>\u00dcber Uns - Foto G\u00fcbert<\/title>\n<meta name=\"robots\" content=\"index, follow, max-snippet:-1, max-image-preview:large, max-video-preview:-1\" \/>\n<link rel=\"canonical\" href=\"https:\/\/foto-guebert.de\/blog\/ueber-uns\/\" \/>\n<meta property=\"og:locale\" content=\"de_DE\" \/>\n<meta property=\"og:type\" content=\"article\" \/>\n<meta property=\"og:title\" content=\"\u00dcber Uns - Foto G\u00fcbert\" \/>\n<meta property=\"og:description\" content=\"\u00dcber Uns Lassen Sie Uns mit dem Gesp\u00fcr f\u00fcr das richtige Licht und den Augenblick ein St\u00fcck Erinnerungen einfangen und festhalten! Leidenschaftlich gerne und mit viel Sensibilit\u00e4t fotografieren wir Menschen von Jung bis Alt. Egal ob Schwangerschaft, Taufe, Verlobung oder am sch\u00f6nsten Tag ihres Lebens. Wir nehmen uns Zeit f\u00fcr Sie. \u00a0 F\u00fcr weitere Fragen [&hellip;]\" \/>\n<meta property=\"og:url\" content=\"https:\/\/foto-guebert.de\/blog\/ueber-uns\/\" \/>\n<meta property=\"og:site_name\" content=\"Foto G\u00fcbert\" \/>\n<meta property=\"article:modified_time\" content=\"2025-03-09T19:44:34+00:00\" \/>\n<meta property=\"og:image\" content=\"https:\/\/foto-guebert.de\/blog\/wp-content\/uploads\/2025\/03\/R-Guebert.jpg\" \/>\n\t<meta property=\"og:image:width\" content=\"1200\" \/>\n\t<meta property=\"og:image:height\" content=\"675\" \/>\n\t<meta property=\"og:image:type\" content=\"image\/jpeg\" \/>\n<meta name=\"twitter:card\" content=\"summary_large_image\" \/>\n<meta name=\"twitter:label1\" content=\"Gesch\u00e4tzte Lesezeit\" \/>\n\t<meta name=\"twitter:data1\" content=\"1\u00a0Minute\" \/>\n<script type=\"application\/ld+json\" class=\"yoast-schema-graph\">{\"@context\":\"https:\/\/schema.org\",\"@graph\":[{\"@type\":\"WebPage\",\"@id\":\"https:\/\/foto-guebert.de\/blog\/ueber-uns\/\",\"url\":\"https:\/\/foto-guebert.de\/blog\/ueber-uns\/\",\"name\":\"\u00dcber Uns - Foto G\u00fcbert\",\"isPartOf\":{\"@id\":\"https:\/\/foto-guebert.de\/blog\/#website\"},\"primaryImageOfPage\":{\"@id\":\"https:\/\/foto-guebert.de\/blog\/ueber-uns\/#primaryimage\"},\"image\":{\"@id\":\"https:\/\/foto-guebert.de\/blog\/ueber-uns\/#primaryimage\"},\"thumbnailUrl\":\"https:\/\/foto-guebert.de\/blog\/wp-content\/uploads\/2025\/03\/R-Guebert-1024x576.jpg\",\"datePublished\":\"2017-04-03T11:34:14+00:00\",\"dateModified\":\"2025-03-09T19:44:34+00:00\",\"breadcrumb\":{\"@id\":\"https:\/\/foto-guebert.de\/blog\/ueber-uns\/#breadcrumb\"},\"inLanguage\":\"de\",\"potentialAction\":[{\"@type\":\"ReadAction\",\"target\":[\"https:\/\/foto-guebert.de\/blog\/ueber-uns\/\"]}]},{\"@type\":\"ImageObject\",\"inLanguage\":\"de\",\"@id\":\"https:\/\/foto-guebert.de\/blog\/ueber-uns\/#primaryimage\",\"url\":\"https:\/\/foto-guebert.de\/blog\/wp-content\/uploads\/2025\/03\/R-Guebert.jpg\",\"contentUrl\":\"https:\/\/foto-guebert.de\/blog\/wp-content\/uploads\/2025\/03\/R-Guebert.jpg\",\"width\":1200,\"height\":675},{\"@type\":\"BreadcrumbList\",\"@id\":\"https:\/\/foto-guebert.de\/blog\/ueber-uns\/#breadcrumb\",\"itemListElement\":[{\"@type\":\"ListItem\",\"position\":1,\"name\":\"Startseite\",\"item\":\"https:\/\/foto-guebert.de\/blog\/\"},{\"@type\":\"ListItem\",\"position\":2,\"name\":\"\u00dcber Uns\"}]},{\"@type\":\"WebSite\",\"@id\":\"https:\/\/foto-guebert.de\/blog\/#website\",\"url\":\"https:\/\/foto-guebert.de\/blog\/\",\"name\":\"Foto G\u00fcbert\",\"description\":\"R\u00fcsselsheim Tel. 06142 81122  Bitte beachten: Unsere \u00d6ffnungszeiten bitte Telefonisch erfragen!\",\"potentialAction\":[{\"@type\":\"SearchAction\",\"target\":{\"@type\":\"EntryPoint\",\"urlTemplate\":\"https:\/\/foto-guebert.de\/blog\/?s={search_term_string}\"},\"query-input\":{\"@type\":\"PropertyValueSpecification\",\"valueRequired\":true,\"valueName\":\"search_term_string\"}}],\"inLanguage\":\"de\"}]}<\/script>\n<!-- \/ Yoast SEO plugin. -->","yoast_head_json":{"title":"\u00dcber Uns - Foto G\u00fcbert","robots":{"index":"index","follow":"follow","max-snippet":"max-snippet:-1","max-image-preview":"max-image-preview:large","max-video-preview":"max-video-preview:-1"},"canonical":"https:\/\/foto-guebert.de\/blog\/ueber-uns\/","og_locale":"de_DE","og_type":"article","og_title":"\u00dcber Uns - Foto G\u00fcbert","og_description":"\u00dcber Uns Lassen Sie Uns mit dem Gesp\u00fcr f\u00fcr das richtige Licht und den Augenblick ein St\u00fcck Erinnerungen einfangen und festhalten! Leidenschaftlich gerne und mit viel Sensibilit\u00e4t fotografieren wir Menschen von Jung bis Alt. Egal ob Schwangerschaft, Taufe, Verlobung oder am sch\u00f6nsten Tag ihres Lebens. Wir nehmen uns Zeit f\u00fcr Sie. \u00a0 F\u00fcr weitere Fragen [&hellip;]","og_url":"https:\/\/foto-guebert.de\/blog\/ueber-uns\/","og_site_name":"Foto G\u00fcbert","article_modified_time":"2025-03-09T19:44:34+00:00","og_image":[{"width":1200,"height":675,"url":"https:\/\/foto-guebert.de\/blog\/wp-content\/uploads\/2025\/03\/R-Guebert.jpg","type":"image\/jpeg"}],"twitter_card":"summary_large_image","twitter_misc":{"Gesch\u00e4tzte Lesezeit":"1\u00a0Minute"},"schema":{"@context":"https:\/\/schema.org","@graph":[{"@type":"WebPage","@id":"https:\/\/foto-guebert.de\/blog\/ueber-uns\/","url":"https:\/\/foto-guebert.de\/blog\/ueber-uns\/","name":"\u00dcber Uns - Foto G\u00fcbert","isPartOf":{"@id":"https:\/\/foto-guebert.de\/blog\/#website"},"primaryImageOfPage":{"@id":"https:\/\/foto-guebert.de\/blog\/ueber-uns\/#primaryimage"},"image":{"@id":"https:\/\/foto-guebert.de\/blog\/ueber-uns\/#primaryimage"},"thumbnailUrl":"https:\/\/foto-guebert.de\/blog\/wp-content\/uploads\/2025\/03\/R-Guebert-1024x576.jpg","datePublished":"2017-04-03T11:34:14+00:00","dateModified":"2025-03-09T19:44:34+00:00","breadcrumb":{"@id":"https:\/\/foto-guebert.de\/blog\/ueber-uns\/#breadcrumb"},"inLanguage":"de","potentialAction":[{"@type":"ReadAction","target":["https:\/\/foto-guebert.de\/blog\/ueber-uns\/"]}]},{"@type":"ImageObject","inLanguage":"de","@id":"https:\/\/foto-guebert.de\/blog\/ueber-uns\/#primaryimage","url":"https:\/\/foto-guebert.de\/blog\/wp-content\/uploads\/2025\/03\/R-Guebert.jpg","contentUrl":"https:\/\/foto-guebert.de\/blog\/wp-content\/uploads\/2025\/03\/R-Guebert.jpg","width":1200,"height":675},{"@type":"BreadcrumbList","@id":"https:\/\/foto-guebert.de\/blog\/ueber-uns\/#breadcrumb","itemListElement":[{"@type":"ListItem","position":1,"name":"Startseite","item":"https:\/\/foto-guebert.de\/blog\/"},{"@type":"ListItem","position":2,"name":"\u00dcber Uns"}]},{"@type":"WebSite","@id":"https:\/\/foto-guebert.de\/blog\/#website","url":"https:\/\/foto-guebert.de\/blog\/","name":"Foto G\u00fcbert","description":"R\u00fcsselsheim Tel. 06142 81122  Bitte beachten: Unsere \u00d6ffnungszeiten bitte Telefonisch erfragen!","potentialAction":[{"@type":"SearchAction","target":{"@type":"EntryPoint","urlTemplate":"https:\/\/foto-guebert.de\/blog\/?s={search_term_string}"},"query-input":{"@type":"PropertyValueSpecification","valueRequired":true,"valueName":"search_term_string"}}],"inLanguage":"de"}]}},"_links":{"self":[{"href":"https:\/\/foto-guebert.de\/blog\/wp-json\/wp\/v2\/pages\/13","targetHints":{"allow":["GET"]}}],"collection":[{"href":"https:\/\/foto-guebert.de\/blog\/wp-json\/wp\/v2\/pages"}],"about":[{"href":"https:\/\/foto-guebert.de\/blog\/wp-json\/wp\/v2\/types\/page"}],"author":[{"embeddable":true,"href":"https:\/\/foto-guebert.de\/blog\/wp-json\/wp\/v2\/users\/1"}],"replies":[{"embeddable":true,"href":"https:\/\/foto-guebert.de\/blog\/wp-json\/wp\/v2\/comments?post=13"}],"version-history":[{"count":10,"href":"https:\/\/foto-guebert.de\/blog\/wp-json\/wp\/v2\/pages\/13\/revisions"}],"predecessor-version":[{"id":955,"href":"https:\/\/foto-guebert.de\/blog\/wp-json\/wp\/v2\/pages\/13\/revisions\/955"}],"wp:attachment":[{"href":"https:\/\/foto-guebert.de\/blog\/wp-json\/wp\/v2\/media?parent=13"}],"curies":[{"name":"wp","href":"https:\/\/api.w.org\/{rel}","templated":true}]}}